{"id":28985,"date":"2023-08-31T16:44:56","date_gmt":"2023-08-31T14:44:56","guid":{"rendered":"https:\/\/forestmoocforchange.eu\/?page_id=28985"},"modified":"2026-02-13T09:06:50","modified_gmt":"2026-02-13T08:06:50","slug":"faq","status":"publish","type":"page","link":"https:\/\/forestmoocforchange.eu\/de\/faq\/","title":{"rendered":"H\u00e4ufig gestellte Fragen"},"content":{"rendered":"<div data-elementor-type=\"wp-post\" data-elementor-id=\"28985\" class=\"elementor elementor-28985\" data-elementor-post-type=\"page\">\n\t\t\t\t\t\t\t\t\t<section class=\"elementor-section elementor-top-section elementor-element elementor-element-d83ee25 elementor-section-boxed elementor-section-height-default elementor-section-height-default\" data-id=\"d83ee25\" data-element_type=\"section\" data-settings=\"{&quot;background_background&quot;:&quot;classic&quot;}\">\n\t\t\t\t\t\t<div class=\"elementor-container elementor-column-gap-default\">\n\t\t\t\t\t<div class=\"elementor-column elementor-col-50 elementor-top-column elementor-element elementor-element-6ba4569\" data-id=\"6ba4569\" data-element_type=\"column\">\n\t\t\t<div class=\"elementor-widget-wrap elementor-element-populated\">\n\t\t\t\t\t\t\t\t<div class=\"elementor-element elementor-element-e69a728 elementor-widget elementor-widget-theme-site-logo elementor-widget-image\" data-id=\"e69a728\" data-element_type=\"widget\" data-widget_type=\"theme-site-logo.default\">\n\t\t\t\t<div class=\"elementor-widget-container\">\n\t\t\t<style>\/*! elementor - v3.14.0 - 26-06-2023 *\/\n.elementor-widget-image{text-align:center}.elementor-widget-image a{display:inline-block}.elementor-widget-image a img[src$=\".svg\"]{width:48px}.elementor-widget-image img{vertical-align:middle;display:inline-block}<\/style>\t\t\t\t\t\t\t\t<img loading=\"lazy\" decoding=\"async\" width=\"1764\" height=\"661\" src=\"https:\/\/forestmoocforchange.eu\/wp-content\/uploads\/2023\/05\/horizontal.png\" class=\"attachment-full size-full wp-image-28960\" alt=\"\" srcset=\"https:\/\/forestmoocforchange.eu\/wp-content\/uploads\/2023\/05\/horizontal.png 1764w, https:\/\/forestmoocforchange.eu\/wp-content\/uploads\/2023\/05\/horizontal-300x112.png 300w, https:\/\/forestmoocforchange.eu\/wp-content\/uploads\/2023\/05\/horizontal-1024x384.png 1024w, https:\/\/forestmoocforchange.eu\/wp-content\/uploads\/2023\/05\/horizontal-768x288.png 768w, https:\/\/forestmoocforchange.eu\/wp-content\/uploads\/2023\/05\/horizontal-1536x576.png 1536w, https:\/\/forestmoocforchange.eu\/wp-content\/uploads\/2023\/05\/horizontal-18x7.png 18w\" sizes=\"auto, (max-width: 1764px) 100vw, 1764px\" \/>\t\t\t\t\t\t\t\t\t\t\t\t<\/div>\n\t\t\t\t<\/div>\n\t\t\t\t<div class=\"elementor-element elementor-element-20ef3fa elementor-widget elementor-widget-heading\" data-id=\"20ef3fa\" data-element_type=\"widget\" data-widget_type=\"heading.default\">\n\t\t\t\t<div class=\"elementor-widget-container\">\n\t\t\t<style>\/*! elementor - v3.14.0 - 26-06-2023 *\/\n.elementor-heading-title{padding:0;margin:0;line-height:1}.elementor-widget-heading .elementor-heading-title[class*=elementor-size-]>a{color:inherit;font-size:inherit;line-height:inherit}.elementor-widget-heading .elementor-heading-title.elementor-size-small{font-size:15px}.elementor-widget-heading .elementor-heading-title.elementor-size-medium{font-size:19px}.elementor-widget-heading .elementor-heading-title.elementor-size-large{font-size:29px}.elementor-widget-heading .elementor-heading-title.elementor-size-xl{font-size:39px}.elementor-widget-heading .elementor-heading-title.elementor-size-xxl{font-size:59px}<\/style><h2 class=\"elementor-heading-title elementor-size-default\">Der erste kostenlose Online-Kurs \u00fcber die naturgem\u00e4\u00dfe Waldwirtschaft in Dauerw\u00e4ldern in drei Sprachen. Willkommen im Dauerwald!<\/h2>\t\t<\/div>\n\t\t\t\t<\/div>\n\t\t\t\t<div class=\"elementor-element elementor-element-7326727 elementor-widget elementor-widget-heading\" data-id=\"7326727\" data-element_type=\"widget\" data-widget_type=\"heading.default\">\n\t\t\t\t<div class=\"elementor-widget-container\">\n\t\t\t<p class=\"elementor-heading-title elementor-size-default\">ForestMoocForChange zielt darauf ab, den Informations-, Wissens- und Kompetenzstand der \u00d6ffentlichkeit sowie der Waldbesitzenden und Waldbewirtschafter in Bezug auf den Dauerwald zu verbessern und die Bewirtschaftung von W\u00e4ldern an die Herausforderung des Klimawandels anzupassen.<\/p>\t\t<\/div>\n\t\t\t\t<\/div>\n\t\t\t\t<div class=\"elementor-element elementor-element-a1a62eb elementor-widget elementor-widget-heading\" data-id=\"a1a62eb\" data-element_type=\"widget\" data-widget_type=\"heading.default\">\n\t\t\t\t<div class=\"elementor-widget-container\">\n\t\t\t<p class=\"elementor-heading-title elementor-size-default\">Es handelt sich um einen achtw\u00f6chigen Online-Kurs. Jeden Montag steht ein neues Kapitel zur Verf\u00fcgung. Verfolgen Sie den Kursinhalt von jedem beliebigen Ort aus und in Ihrem eigenen Tempo.<\/p>\t\t<\/div>\n\t\t\t\t<\/div>\n\t\t\t\t<div class=\"elementor-element elementor-element-990770f elementor-hidden-desktop elementor-hidden-tablet elementor-hidden-mobile elementor-widget elementor-widget-heading\" data-id=\"990770f\" data-element_type=\"widget\" data-widget_type=\"heading.default\">\n\t\t\t\t<div class=\"elementor-widget-container\">\n\t\t\t<p class=\"elementor-heading-title elementor-size-default\">Der Kurs ist vom 15. Oktober 2025 bis zum 15. Januar 2026 auf der Plattform frei zug\u00e4nglich. <\/p>\t\t<\/div>\n\t\t\t\t<\/div>\n\t\t\t\t<div class=\"elementor-element elementor-element-d9eb45c elementor-widget elementor-widget-heading\" data-id=\"d9eb45c\" data-element_type=\"widget\" data-widget_type=\"heading.default\">\n\t\t\t\t<div class=\"elementor-widget-container\">\n\t\t\t<p class=\"elementor-heading-title elementor-size-default\">N\u00e4chste Session im Mai 2027<\/p>\t\t<\/div>\n\t\t\t\t<\/div>\n\t\t\t\t<div class=\"elementor-element elementor-element-6e59c7a elementor-mobile-align-center elementor-hidden-desktop elementor-hidden-tablet elementor-hidden-mobile elementor-widget elementor-widget-button\" data-id=\"6e59c7a\" data-element_type=\"widget\" data-widget_type=\"button.default\">\n\t\t\t\t<div class=\"elementor-widget-container\">\n\t\t\t\t\t<div class=\"elementor-button-wrapper\">\n\t\t\t<a class=\"elementor-button elementor-button-link elementor-size-sm\" href=\"https:\/\/mooc.forestmoocforchange.eu\/register?next=\/dashboard\" target=\"_blank\">\n\t\t\t\t\t\t<span class=\"elementor-button-content-wrapper\">\n\t\t\t\t\t\t<span class=\"elementor-button-text\">Anmeldung<\/span>\n\t\t<\/span>\n\t\t\t\t\t<\/a>\n\t\t<\/div>\n\t\t\t\t<\/div>\n\t\t\t\t<\/div>\n\t\t\t\t<div class=\"elementor-element elementor-element-07cf858 elementor-mobile-align-center elementor-widget elementor-widget-button\" data-id=\"07cf858\" data-element_type=\"widget\" data-widget_type=\"button.default\">\n\t\t\t\t<div class=\"elementor-widget-container\">\n\t\t\t\t\t<div class=\"elementor-button-wrapper\">\n\t\t\t<a class=\"elementor-button elementor-button-link elementor-size-sm\" href=\"https:\/\/c57ef1fd.sibforms.com\/serve\/MUIFAFE8XnPUA1WiFhkbDpYT1IV1mfgzunG7KYKLBUCDR4kyKXLfscE1dJ0-h3r0-2c4YEovxsiuEPhjXnEuODOUrPktsDmCeizOB8yVy-MiOn2xCuhtnOkgJWax6kaD-pW4v4DSzRAZ8eziVhlu27IDfeIP7tu0UA89wLtxfu9vI0T1k1coZvWMzOUUs7ORo7pHN1IQiAITcxFk\" target=\"_blank\">\n\t\t\t\t\t\t<span class=\"elementor-button-content-wrapper\">\n\t\t\t\t\t\t<span class=\"elementor-button-text\">Voranmeldung<\/span>\n\t\t<\/span>\n\t\t\t\t\t<\/a>\n\t\t<\/div>\n\t\t\t\t<\/div>\n\t\t\t\t<\/div>\n\t\t\t\t<div class=\"elementor-element elementor-element-1c609a2 elementor-widget elementor-widget-toggle\" data-id=\"1c609a2\" data-element_type=\"widget\" data-widget_type=\"toggle.default\">\n\t\t\t\t<div class=\"elementor-widget-container\">\n\t\t\t<style>\/*! elementor - v3.14.0 - 26-06-2023 *\/\n.elementor-toggle{text-align:left}.elementor-toggle .elementor-tab-title{font-weight:700;line-height:1;margin:0;padding:15px;border-bottom:1px solid #d5d8dc;cursor:pointer;outline:none}.elementor-toggle .elementor-tab-title .elementor-toggle-icon{display:inline-block;width:1em}.elementor-toggle .elementor-tab-title .elementor-toggle-icon svg{-webkit-margin-start:-5px;margin-inline-start:-5px;width:1em;height:1em}.elementor-toggle .elementor-tab-title .elementor-toggle-icon.elementor-toggle-icon-right{float:right;text-align:right}.elementor-toggle .elementor-tab-title .elementor-toggle-icon.elementor-toggle-icon-left{float:left;text-align:left}.elementor-toggle .elementor-tab-title .elementor-toggle-icon .elementor-toggle-icon-closed{display:block}.elementor-toggle .elementor-tab-title .elementor-toggle-icon .elementor-toggle-icon-opened{display:none}.elementor-toggle .elementor-tab-title.elementor-active{border-bottom:none}.elementor-toggle .elementor-tab-title.elementor-active .elementor-toggle-icon-closed{display:none}.elementor-toggle .elementor-tab-title.elementor-active .elementor-toggle-icon-opened{display:block}.elementor-toggle .elementor-tab-content{padding:15px;border-bottom:1px solid #d5d8dc;display:none}@media (max-width:767px){.elementor-toggle .elementor-tab-title{padding:12px}.elementor-toggle .elementor-tab-content{padding:12px 10px}}.e-con-inner>.elementor-widget-toggle,.e-con>.elementor-widget-toggle{width:var(--container-widget-width);--flex-grow:var(--container-widget-flex-grow)}<\/style>\t\t<div class=\"elementor-toggle\">\n\t\t\t\t\t\t\t<div class=\"elementor-toggle-item\">\n\t\t\t\t\t<div id=\"elementor-tab-title-2971\" class=\"elementor-tab-title\" data-tab=\"1\" role=\"button\" aria-controls=\"elementor-tab-content-2971\" aria-expanded=\"false\">\n\t\t\t\t\t\t\t\t\t\t\t\t<span class=\"elementor-toggle-icon elementor-toggle-icon-left\" aria-hidden=\"true\">\n\t\t\t\t\t\t\t\t\t\t\t\t\t\t\t<span class=\"elementor-toggle-icon-closed\"><i class=\"fas fa-caret-right\"><\/i><\/span>\n\t\t\t\t\t\t\t\t<span class=\"elementor-toggle-icon-opened\"><i class=\"elementor-toggle-icon-opened fas fa-caret-up\"><\/i><\/span>\n\t\t\t\t\t\t\t\t\t\t\t\t\t<\/span>\n\t\t\t\t\t\t\t\t\t\t\t\t<a class=\"elementor-toggle-title\" tabindex=\"0\">Welche Voraussetzungen m\u00fcssen erf\u00fcllt sein, um am ForestMoocForChange teilzunehmen? <\/a>\n\t\t\t\t\t<\/div>\n\n\t\t\t\t\t<div id=\"elementor-tab-content-2971\" class=\"elementor-tab-content elementor-clearfix\" data-tab=\"1\" role=\"region\" aria-labelledby=\"elementor-tab-title-2971\"><p>Der ForestMooc ist f\u00fcr jeden frei zug\u00e4nglich und erfordert keinerlei Vorkenntnisse, da es sich hier um eine Einf\u00fchrung in die Thematik handelt. Ein Interesse an W\u00e4ldern und der Natur im Allgemeinen ist jedoch empfehlenswert.<\/p><\/div>\n\t\t\t\t<\/div>\n\t\t\t\t\t\t\t<div class=\"elementor-toggle-item\">\n\t\t\t\t\t<div id=\"elementor-tab-title-2972\" class=\"elementor-tab-title\" data-tab=\"2\" role=\"button\" aria-controls=\"elementor-tab-content-2972\" aria-expanded=\"false\">\n\t\t\t\t\t\t\t\t\t\t\t\t<span class=\"elementor-toggle-icon elementor-toggle-icon-left\" aria-hidden=\"true\">\n\t\t\t\t\t\t\t\t\t\t\t\t\t\t\t<span class=\"elementor-toggle-icon-closed\"><i class=\"fas fa-caret-right\"><\/i><\/span>\n\t\t\t\t\t\t\t\t<span class=\"elementor-toggle-icon-opened\"><i class=\"elementor-toggle-icon-opened fas fa-caret-up\"><\/i><\/span>\n\t\t\t\t\t\t\t\t\t\t\t\t\t<\/span>\n\t\t\t\t\t\t\t\t\t\t\t\t<a class=\"elementor-toggle-title\" tabindex=\"0\">Welche Themen werden behandelt? <\/a>\n\t\t\t\t\t<\/div>\n\n\t\t\t\t\t<div id=\"elementor-tab-content-2972\" class=\"elementor-tab-content elementor-clearfix\" data-tab=\"2\" role=\"region\" aria-labelledby=\"elementor-tab-title-2972\"><p><strong>Kapitel 1 - Einf\u00fchrung und Hintergr\u00fcnde zur Dauerwaldbewirtschaftung :<\/strong>\u00a0Welcher Wald ist f\u00fcr die Gesellschaft ideal, unsere Waldlandschaft und ihre Geschichte, die wichtigsten Prinzipien des Dauerwaldes<\/p><p><strong>Kapitel 2 - Die nat\u00fcrliche Funktionsweise der W\u00e4lder:<\/strong>\u00a0\u00f6kologische Sukzessionen und ihre Veranschaulichung, Dauerwaldbewirtschaftung und ihre Ziele, Boden, Bodenprofile sowie die verschiedenen Indikatorpflanzen.<\/p><p><strong>Kapitel 3 - Nat\u00fcrliche Dynamiken:<\/strong>\u00a0Baumartenmischungen und ihre Veranschaulichung, vertikale Strukturierung, nat\u00fcrliche Regeneration und Lichtmanagement, Ma\u00dfnahmen zur F\u00f6rderung der Biodiversit\u00e4t.<\/p><p><strong>Kapitel 4 - Die Widerstandsf\u00e4higkeit des Dauerwaldes:<\/strong>\u00a0Das Konzept der Widerstandsf\u00e4higkeit, nat\u00fcrliche Zyklen in W\u00e4ldern, Krankheitserreger und die Borkenk\u00e4ferkrise, Management nach Br\u00e4nden, Dynamik nach St\u00fcrmen.<\/p><p><strong>Kapitel 5 - \u00d6kosystemdienstleistungen:<\/strong>\u00a0\u00dcberblick, Erholung, Biodiversit\u00e4t, Mikrohabitate, Beispiele des stadtnahen Waldes, Kohlenstoffbindung und Wasserkreislauf.<\/p><p><strong>Kapitel 6 - Die Holzwirtschaft:<\/strong>\u00a0die Naturgem\u00e4\u00dfe Waldwirtschaft und die Wirtschaftlichkeit, Rentabilit\u00e4t eines Waldes, Kapitalzuwachs, Handelsstrategien, lokale Produktion, Einkommensdiversifizierung.<\/p><p><strong>Kapitel 7 - die Naturgem\u00e4\u00dfe Waldwirtschaft in der Praxis:<\/strong>\u00a0Waldbauliche Ma\u00dfnahmen in der Naturgem\u00e4\u00dfen Waldwirtschaft, Bestandespflege, Jagdstrategie, Schutzma\u00dfnahmen und Monitoring.<\/p><p><strong>Kapitel 8 - Inspirationen und Feldbeispiele<\/strong> aus kontinentalen, atlantischen und mediterranen W\u00e4ldern in Belgien, Frankreich, Deutschland und Irland.<\/p><p><a href=\"http:\/\/forestmoocforchange.eu\/wp-content\/uploads\/2025\/09\/IndexFR-EN-DE.pdf\" target=\"_blank\" rel=\"noopener\">Sehen Sie sich das Programm im Detail an<\/a><\/p><\/div>\n\t\t\t\t<\/div>\n\t\t\t\t\t\t\t<div class=\"elementor-toggle-item\">\n\t\t\t\t\t<div id=\"elementor-tab-title-2973\" class=\"elementor-tab-title\" data-tab=\"3\" role=\"button\" aria-controls=\"elementor-tab-content-2973\" aria-expanded=\"false\">\n\t\t\t\t\t\t\t\t\t\t\t\t<span class=\"elementor-toggle-icon elementor-toggle-icon-left\" aria-hidden=\"true\">\n\t\t\t\t\t\t\t\t\t\t\t\t\t\t\t<span class=\"elementor-toggle-icon-closed\"><i class=\"fas fa-caret-right\"><\/i><\/span>\n\t\t\t\t\t\t\t\t<span class=\"elementor-toggle-icon-opened\"><i class=\"elementor-toggle-icon-opened fas fa-caret-up\"><\/i><\/span>\n\t\t\t\t\t\t\t\t\t\t\t\t\t<\/span>\n\t\t\t\t\t\t\t\t\t\t\t\t<a class=\"elementor-toggle-title\" tabindex=\"0\">Wer hat an dem MOOC mitgewirkt und welche Beispiele werden vorgestellt? <\/a>\n\t\t\t\t\t<\/div>\n\n\t\t\t\t\t<div id=\"elementor-tab-content-2973\" class=\"elementor-tab-content elementor-clearfix\" data-tab=\"3\" role=\"region\" aria-labelledby=\"elementor-tab-title-2973\"><p>Das ForestMooc-Team hat sich mit F\u00f6rstern in Deutschland, Irland, Frankreich und Belgien getroffen. Es werden also konkrete Beispiele aus dem kontinentalen, atlantischen und mediterranen Wald vorgestellt.<\/p><\/div>\n\t\t\t\t<\/div>\n\t\t\t\t\t\t\t<div class=\"elementor-toggle-item\">\n\t\t\t\t\t<div id=\"elementor-tab-title-2974\" class=\"elementor-tab-title\" data-tab=\"4\" role=\"button\" aria-controls=\"elementor-tab-content-2974\" aria-expanded=\"false\">\n\t\t\t\t\t\t\t\t\t\t\t\t<span class=\"elementor-toggle-icon elementor-toggle-icon-left\" aria-hidden=\"true\">\n\t\t\t\t\t\t\t\t\t\t\t\t\t\t\t<span class=\"elementor-toggle-icon-closed\"><i class=\"fas fa-caret-right\"><\/i><\/span>\n\t\t\t\t\t\t\t\t<span class=\"elementor-toggle-icon-opened\"><i class=\"elementor-toggle-icon-opened fas fa-caret-up\"><\/i><\/span>\n\t\t\t\t\t\t\t\t\t\t\t\t\t<\/span>\n\t\t\t\t\t\t\t\t\t\t\t\t<a class=\"elementor-toggle-title\" tabindex=\"0\">Wann und wie kann ich dem ForstMoocForChange folgen? <\/a>\n\t\t\t\t\t<\/div>\n\n\t\t\t\t\t<div id=\"elementor-tab-content-2974\" class=\"elementor-tab-content elementor-clearfix\" data-tab=\"4\" role=\"region\" aria-labelledby=\"elementor-tab-title-2974\"><p class=\" translation-block\">Bitte melden Sie sich jetzt <a href=\"https:\/\/c57ef1fd.sibforms.com\/serve\/MUIFAFE8XnPUA1WiFhkbDpYT1IV1mfgzunG7KYKLBUCDR4kyKXLfscE1dJ0-h3r0-2c4YEovxsiuEPhjXnEuODOUrPktsDmCeizOB8yVy-MiOn2xCuhtnOkgJWax6kaD-pW4v4DSzRAZ8eziVhlu27IDfeIP7tu0UA89wLtxfu9vI0T1k1coZvWMzOUUs7ORo7pHN1IQiAITcxFk\" target=\"_blank\" rel=\"noopener\">hier<\/a> vorab an.<br>\nAcht Wochen lang wird jede Woche ein neues Kapitel online gestellt.<br>\nAlle Kapitel bleiben bis zu f\u00fcnf Wochen nach Erscheinen des letzten Kapitels zug\u00e4nglich.\nDer ForestMooc ist rund um die Uhr verf\u00fcgbar, sodass Sie ihn jederzeit in Ihrem eigenen Tempo und nach Ihrer Verf\u00fcgbarkeit nutzen k\u00f6nnen.<\/p><\/div>\n\t\t\t\t<\/div>\n\t\t\t\t\t\t\t<div class=\"elementor-toggle-item\">\n\t\t\t\t\t<div id=\"elementor-tab-title-2975\" class=\"elementor-tab-title\" data-tab=\"5\" role=\"button\" aria-controls=\"elementor-tab-content-2975\" aria-expanded=\"false\">\n\t\t\t\t\t\t\t\t\t\t\t\t<span class=\"elementor-toggle-icon elementor-toggle-icon-left\" aria-hidden=\"true\">\n\t\t\t\t\t\t\t\t\t\t\t\t\t\t\t<span class=\"elementor-toggle-icon-closed\"><i class=\"fas fa-caret-right\"><\/i><\/span>\n\t\t\t\t\t\t\t\t<span class=\"elementor-toggle-icon-opened\"><i class=\"elementor-toggle-icon-opened fas fa-caret-up\"><\/i><\/span>\n\t\t\t\t\t\t\t\t\t\t\t\t\t<\/span>\n\t\t\t\t\t\t\t\t\t\t\t\t<a class=\"elementor-toggle-title\" tabindex=\"0\">Wieviel Zeit ben\u00f6tige ich zur Bearbeitung des ForestMooCForChange?<\/a>\n\t\t\t\t\t<\/div>\n\n\t\t\t\t\t<div id=\"elementor-tab-content-2975\" class=\"elementor-tab-content elementor-clearfix\" data-tab=\"5\" role=\"region\" aria-labelledby=\"elementor-tab-title-2975\"><p>F\u00fcr den gesamten ForestMooc wird eine Bearbeitungsdauer von ca. 20 Stunden veranschlagt, verteilt auf 8 Wochen.\u00a0<\/p><p>W\u00fcnschen das Tempo der Bearbeitung zu bestimmen.<\/p><\/div>\n\t\t\t\t<\/div>\n\t\t\t\t\t\t\t<div class=\"elementor-toggle-item\">\n\t\t\t\t\t<div id=\"elementor-tab-title-2976\" class=\"elementor-tab-title\" data-tab=\"6\" role=\"button\" aria-controls=\"elementor-tab-content-2976\" aria-expanded=\"false\">\n\t\t\t\t\t\t\t\t\t\t\t\t<span class=\"elementor-toggle-icon elementor-toggle-icon-left\" aria-hidden=\"true\">\n\t\t\t\t\t\t\t\t\t\t\t\t\t\t\t<span class=\"elementor-toggle-icon-closed\"><i class=\"fas fa-caret-right\"><\/i><\/span>\n\t\t\t\t\t\t\t\t<span class=\"elementor-toggle-icon-opened\"><i class=\"elementor-toggle-icon-opened fas fa-caret-up\"><\/i><\/span>\n\t\t\t\t\t\t\t\t\t\t\t\t\t<\/span>\n\t\t\t\t\t\t\t\t\t\t\t\t<a class=\"elementor-toggle-title\" tabindex=\"0\">Gibt es ein Abschlusszertifikat? <\/a>\n\t\t\t\t\t<\/div>\n\n\t\t\t\t\t<div id=\"elementor-tab-content-2976\" class=\"elementor-tab-content elementor-clearfix\" data-tab=\"6\" role=\"region\" aria-labelledby=\"elementor-tab-title-2976\"><p>Ja, nach Vollendung aller acht Kapitel erhalten Sie ein pers\u00f6nliches Abschlusszertifikat, wenn Sie alle Quiz der jeweiligen Kapitel beantwortet haben. Das Zertifikat best\u00e4tigt Ihre Teilnahme.<\/p><\/div>\n\t\t\t\t<\/div>\n\t\t\t\t\t\t\t<div class=\"elementor-toggle-item\">\n\t\t\t\t\t<div id=\"elementor-tab-title-2977\" class=\"elementor-tab-title\" data-tab=\"7\" role=\"button\" aria-controls=\"elementor-tab-content-2977\" aria-expanded=\"false\">\n\t\t\t\t\t\t\t\t\t\t\t\t<span class=\"elementor-toggle-icon elementor-toggle-icon-left\" aria-hidden=\"true\">\n\t\t\t\t\t\t\t\t\t\t\t\t\t\t\t<span class=\"elementor-toggle-icon-closed\"><i class=\"fas fa-caret-right\"><\/i><\/span>\n\t\t\t\t\t\t\t\t<span class=\"elementor-toggle-icon-opened\"><i class=\"elementor-toggle-icon-opened fas fa-caret-up\"><\/i><\/span>\n\t\t\t\t\t\t\t\t\t\t\t\t\t<\/span>\n\t\t\t\t\t\t\t\t\t\t\t\t<a class=\"elementor-toggle-title\" tabindex=\"0\">Wie sieht ein MOOC-Kapitel aus?<\/a>\n\t\t\t\t\t<\/div>\n\n\t\t\t\t\t<div id=\"elementor-tab-content-2977\" class=\"elementor-tab-content elementor-clearfix\" data-tab=\"7\" role=\"region\" aria-labelledby=\"elementor-tab-title-2977\"><p>Die Kapitel bestehen aus verschiedenen Elementen:<\/p><ul><li><strong>Videos:<\/strong> <strong>:<\/strong> Wir nehmen Sie mit auf eine Reise zu Waldbesitzern, Waldbewirtschaftern oder Experten. Die verschiedenen Sprecher teilen ihr Wissen mit konkreten Beispielen.<\/li><li><strong>Ein Quiz:<\/strong> Testen Sie Ihr Wissen mit Fragen zu den Videos des jeweiligen Kapitels. Die Beantwortung ist notwendig, um den MOOC erfolgreich mit dem Abschlusszertifikat abzuschlie\u00dfen.<\/li><li><strong>Eine \u00dcbung:<\/strong> Sie muss vor Ort durchgef\u00fchrt werden. Sie ist nicht obligatorisch, erm\u00f6glicht es aber, die Lerninhalte der Videos zu \u00fcben.<\/li><li><strong>Eine Live-Sitzung:<\/strong> eine Videokonferenz am Abend, bei der Sie den Referenten Fragen zu den Kapiteln stellen k\u00f6nnen. Senden Sie Ihre Fragen bitte im Voraus an <a href=\"https:\/\/forms.gle\/rcY2nATKRJokdSX96\" target=\"_blank\" rel=\"noopener\">hier.<\/a>.<\/li><\/ul><\/div>\n\t\t\t\t<\/div>\n\t\t\t\t\t\t\t<div class=\"elementor-toggle-item\">\n\t\t\t\t\t<div id=\"elementor-tab-title-2978\" class=\"elementor-tab-title\" data-tab=\"8\" role=\"button\" aria-controls=\"elementor-tab-content-2978\" aria-expanded=\"false\">\n\t\t\t\t\t\t\t\t\t\t\t\t<span class=\"elementor-toggle-icon elementor-toggle-icon-left\" aria-hidden=\"true\">\n\t\t\t\t\t\t\t\t\t\t\t\t\t\t\t<span class=\"elementor-toggle-icon-closed\"><i class=\"fas fa-caret-right\"><\/i><\/span>\n\t\t\t\t\t\t\t\t<span class=\"elementor-toggle-icon-opened\"><i class=\"elementor-toggle-icon-opened fas fa-caret-up\"><\/i><\/span>\n\t\t\t\t\t\t\t\t\t\t\t\t\t<\/span>\n\t\t\t\t\t\t\t\t\t\t\t\t<a class=\"elementor-toggle-title\" tabindex=\"0\">Was bedeutet \"Live Session\"? Ist das obligatorisch? <\/a>\n\t\t\t\t\t<\/div>\n\n\t\t\t\t\t<div id=\"elementor-tab-content-2978\" class=\"elementor-tab-content elementor-clearfix\" data-tab=\"8\" role=\"region\" aria-labelledby=\"elementor-tab-title-2978\"><p>Die Live-Session ist eine Frage-Antwort-Runde per Videokonferenz. Sie wird in den drei Sprachen des MOOC angeboten. Die Teilnahme ist nicht verpflichtend, kann Ihnen jedoch dabei helfen, bestimmte Punkte des Kurses mit den Referenten zu kl\u00e4ren.<\/p><p>Sie k\u00f6nnen Ihre Fragen zu den einzelnen Kapiteln vorab an schicken\u00a0<a href=\"https:\/\/forms.gle\/rcY2nATKRJokdSX96\" target=\"_blank\" rel=\"noopener\">hier.<\/a><\/p><\/div>\n\t\t\t\t<\/div>\n\t\t\t\t\t\t\t\t<\/div>\n\t\t\t\t<\/div>\n\t\t\t\t<\/div>\n\t\t\t\t<div class=\"elementor-element elementor-element-4b21a50 elementor-widget__width-initial elementor-widget elementor-widget-image\" data-id=\"4b21a50\" data-element_type=\"widget\" data-widget_type=\"image.default\">\n\t\t\t\t<div class=\"elementor-widget-container\">\n\t\t\t\t\t\t\t\t\t\t\t\t\t\t\t<img loading=\"lazy\" decoding=\"async\" width=\"800\" height=\"174\" src=\"https:\/\/forestmoocforchange.eu\/wp-content\/uploads\/2023\/03\/all-partners-e1680080850449-1024x223.png\" class=\"attachment-large size-large wp-image-28878\" alt=\"\" srcset=\"https:\/\/forestmoocforchange.eu\/wp-content\/uploads\/2023\/03\/all-partners-e1680080850449-1024x223.png 1024w, https:\/\/forestmoocforchange.eu\/wp-content\/uploads\/2023\/03\/all-partners-e1680080850449-300x65.png 300w, https:\/\/forestmoocforchange.eu\/wp-content\/uploads\/2023\/03\/all-partners-e1680080850449-768x168.png 768w, https:\/\/forestmoocforchange.eu\/wp-content\/uploads\/2023\/03\/all-partners-e1680080850449.png 1109w\" sizes=\"auto, (max-width: 800px) 100vw, 800px\" \/>\t\t\t\t\t\t\t\t\t\t\t\t\t\t\t<\/div>\n\t\t\t\t<\/div>\n\t\t\t\t<div class=\"elementor-element elementor-element-19013ed elementor-widget__width-auto elementor-widget-mobile__width-inherit elementor-widget elementor-widget-image\" data-id=\"19013ed\" data-element_type=\"widget\" data-widget_type=\"image.default\">\n\t\t\t\t<div class=\"elementor-widget-container\">\n\t\t\t\t\t\t\t\t\t\t\t\t\t\t\t<img loading=\"lazy\" decoding=\"async\" width=\"800\" height=\"168\" src=\"http:\/\/forestmoocforchange.eu\/wp-content\/uploads\/2023\/03\/DE-Kofinanziert-von-der-Europaischen-Union_NEG.png\" class=\"attachment-large size-large wp-image-28937\" alt=\"\" srcset=\"https:\/\/forestmoocforchange.eu\/wp-content\/uploads\/2023\/03\/DE-Kofinanziert-von-der-Europaischen-Union_NEG.png 4247w, https:\/\/forestmoocforchange.eu\/wp-content\/uploads\/2023\/03\/DE-Kofinanziert-von-der-Europaischen-Union_NEG-300x63.png 300w, https:\/\/forestmoocforchange.eu\/wp-content\/uploads\/2023\/03\/DE-Kofinanziert-von-der-Europaischen-Union_NEG-1024x215.png 1024w, https:\/\/forestmoocforchange.eu\/wp-content\/uploads\/2023\/03\/DE-Kofinanziert-von-der-Europaischen-Union_NEG-768x161.png 768w, https:\/\/forestmoocforchange.eu\/wp-content\/uploads\/2023\/03\/DE-Kofinanziert-von-der-Europaischen-Union_NEG-1536x322.png 1536w, https:\/\/forestmoocforchange.eu\/wp-content\/uploads\/2023\/03\/DE-Kofinanziert-von-der-Europaischen-Union_NEG-2048x430.png 2048w, https:\/\/forestmoocforchange.eu\/wp-content\/uploads\/2023\/03\/DE-Kofinanziert-von-der-Europaischen-Union_NEG-18x4.png 18w\" sizes=\"auto, (max-width: 800px) 100vw, 800px\" \/>\t\t\t\t\t\t\t\t\t\t\t\t\t\t\t<\/div>\n\t\t\t\t<\/div>\n\t\t\t\t\t<\/div>\n\t\t<\/div>\n\t\t\t\t<div class=\"elementor-column elementor-col-50 elementor-top-column elementor-element elementor-element-e040a93\" data-id=\"e040a93\" data-element_type=\"column\" data-settings=\"{&quot;background_background&quot;:&quot;classic&quot;}\">\n\t\t\t<div class=\"elementor-widget-wrap\">\n\t\t\t\t\t\t\t\t\t<\/div>\n\t\t<\/div>\n\t\t\t\t\t\t\t<\/div>\n\t\t<\/section>\n\t\t\t\t\t\t\t<\/div>","protected":false},"excerpt":{"rendered":"<p>Le premier cours en ligne gratuit sur la sylviculture m\u00e9lang\u00e9e \u00e0 couvert continu, disponible en trois langues ForestMoocForChange a pour but d&rsquo;am\u00e9liorer le niveau d\u2019information, de connaissances et de comp\u00e9tences du public ainsi que des gestionnaires et propri\u00e9taires forestiers en mati\u00e8re de SMCC afin d\u2019impacter les pratiques au b\u00e9n\u00e9fice d\u2019une gestion adapt\u00e9e face aux enjeux [&hellip;]<\/p>","protected":false},"author":1,"featured_media":28959,"parent":0,"menu_order":0,"comment_status":"closed","ping_status":"closed","template":"elementor_canvas","meta":{"footnotes":""},"class_list":["post-28985","page","type-page","status-publish","has-post-thumbnail","hentry"],"yoast_head":"<!-- This site is optimized with the Yoast SEO plugin v20.4 - https:\/\/yoast.com\/wordpress\/plugins\/seo\/ -->\n<title>Forest Mooc for Change<\/title>\n<meta name=\"description\" content=\"Am\u00e9liorer le niveau d\u2019information, de connaissances et de comp\u00e9tences des gestionnaires et propri\u00e9taires forestiers en mati\u00e8re de SMCC afin d\u2019impacter les pratiques au b\u00e9n\u00e9fice d\u2019une gestion adapt\u00e9e face aux enjeux des changements climatiques.\" \/>\n<meta name=\"robots\" content=\"index, follow, max-snippet:-1, max-image-preview:large, max-video-preview:-1\" \/>\n<link rel=\"canonical\" href=\"https:\/\/forestmoocforchange.eu\/de\/faq\/\" \/>\n<meta property=\"og:locale\" content=\"de_DE\" \/>\n<meta property=\"og:type\" content=\"article\" \/>\n<meta property=\"og:title\" content=\"Forest Mooc for Change\" \/>\n<meta property=\"og:description\" content=\"Am\u00e9liorer le niveau d\u2019information, de connaissances et de comp\u00e9tences des gestionnaires et propri\u00e9taires forestiers en mati\u00e8re de SMCC afin d\u2019impacter les pratiques au b\u00e9n\u00e9fice d\u2019une gestion adapt\u00e9e face aux enjeux des changements climatiques.\" \/>\n<meta property=\"og:url\" content=\"https:\/\/forestmoocforchange.eu\/de\/faq\/\" \/>\n<meta property=\"og:site_name\" content=\"Forest Mooc for Change\" \/>\n<meta property=\"article:modified_time\" content=\"2026-02-13T08:06:50+00:00\" \/>\n<meta property=\"og:image\" content=\"https:\/\/forestmoocforchange.eu\/wp-content\/uploads\/2023\/05\/vertical.png\" \/>\n\t<meta property=\"og:image:width\" content=\"1046\" \/>\n\t<meta property=\"og:image:height\" content=\"1109\" \/>\n\t<meta property=\"og:image:type\" content=\"image\/png\" \/>\n<meta name=\"twitter:card\" content=\"summary_large_image\" \/>\n<meta name=\"twitter:label1\" content=\"Gesch\u00e4tzte Lesezeit\" \/>\n\t<meta name=\"twitter:data1\" content=\"5\u00a0Minuten\" \/>\n<script type=\"application\/ld+json\" class=\"yoast-schema-graph\">{\"@context\":\"https:\/\/schema.org\",\"@graph\":[{\"@type\":\"WebPage\",\"@id\":\"https:\/\/forestmoocforchange.eu\/de\/faq\/\",\"url\":\"https:\/\/forestmoocforchange.eu\/de\/faq\/\",\"name\":\"Forest Mooc for Change\",\"isPartOf\":{\"@id\":\"https:\/\/forestmoocforchange.eu\/#website\"},\"datePublished\":\"2023-08-31T14:44:56+00:00\",\"dateModified\":\"2026-02-13T08:06:50+00:00\",\"description\":\"Am\u00e9liorer le niveau d\u2019information, de connaissances et de comp\u00e9tences des gestionnaires et propri\u00e9taires forestiers en mati\u00e8re de SMCC afin d\u2019impacter les pratiques au b\u00e9n\u00e9fice d\u2019une gestion adapt\u00e9e face aux enjeux des changements climatiques.\",\"breadcrumb\":{\"@id\":\"https:\/\/forestmoocforchange.eu\/de\/faq\/#breadcrumb\"},\"inLanguage\":\"de\",\"potentialAction\":[{\"@type\":\"ReadAction\",\"target\":[\"https:\/\/forestmoocforchange.eu\/de\/faq\/\"]}]},{\"@type\":\"BreadcrumbList\",\"@id\":\"https:\/\/forestmoocforchange.eu\/de\/faq\/#breadcrumb\",\"itemListElement\":[{\"@type\":\"ListItem\",\"position\":1,\"name\":\"Accueil\",\"item\":\"https:\/\/forestmoocforchange.eu\/\"},{\"@type\":\"ListItem\",\"position\":2,\"name\":\"FAQ\"}]},{\"@type\":\"WebSite\",\"@id\":\"https:\/\/forestmoocforchange.eu\/#website\",\"url\":\"https:\/\/forestmoocforchange.eu\/\",\"name\":\"Forest Mooc for Change\",\"description\":\"Massive Open Online Course for Forest Change\",\"publisher\":{\"@id\":\"https:\/\/forestmoocforchange.eu\/#organization\"},\"potentialAction\":[{\"@type\":\"SearchAction\",\"target\":{\"@type\":\"EntryPoint\",\"urlTemplate\":\"https:\/\/forestmoocforchange.eu\/?s={search_term_string}\"},\"query-input\":\"required name=search_term_string\"}],\"inLanguage\":\"de\"},{\"@type\":\"Organization\",\"@id\":\"https:\/\/forestmoocforchange.eu\/#organization\",\"name\":\"Forest Mooc for Change\",\"url\":\"https:\/\/forestmoocforchange.eu\/\",\"logo\":{\"@type\":\"ImageObject\",\"inLanguage\":\"de\",\"@id\":\"https:\/\/forestmoocforchange.eu\/#\/schema\/logo\/image\/\",\"url\":\"https:\/\/forestmoocforchange.eu\/wp-content\/uploads\/2023\/05\/horizontal.png\",\"contentUrl\":\"https:\/\/forestmoocforchange.eu\/wp-content\/uploads\/2023\/05\/horizontal.png\",\"width\":1764,\"height\":661,\"caption\":\"Forest Mooc for Change\"},\"image\":{\"@id\":\"https:\/\/forestmoocforchange.eu\/#\/schema\/logo\/image\/\"}}]}<\/script>\n<!-- \/ Yoast SEO plugin. -->","yoast_head_json":{"title":"Forest Mooc for Change","description":"Am\u00e9liorer le niveau d\u2019information, de connaissances et de comp\u00e9tences des gestionnaires et propri\u00e9taires forestiers en mati\u00e8re de SMCC afin d\u2019impacter les pratiques au b\u00e9n\u00e9fice d\u2019une gestion adapt\u00e9e face aux enjeux des changements climatiques.","robots":{"index":"index","follow":"follow","max-snippet":"max-snippet:-1","max-image-preview":"max-image-preview:large","max-video-preview":"max-video-preview:-1"},"canonical":"https:\/\/forestmoocforchange.eu\/de\/faq\/","og_locale":"de_DE","og_type":"article","og_title":"Forest Mooc for Change","og_description":"Am\u00e9liorer le niveau d\u2019information, de connaissances et de comp\u00e9tences des gestionnaires et propri\u00e9taires forestiers en mati\u00e8re de SMCC afin d\u2019impacter les pratiques au b\u00e9n\u00e9fice d\u2019une gestion adapt\u00e9e face aux enjeux des changements climatiques.","og_url":"https:\/\/forestmoocforchange.eu\/de\/faq\/","og_site_name":"Forest Mooc for Change","article_modified_time":"2026-02-13T08:06:50+00:00","og_image":[{"width":1046,"height":1109,"url":"https:\/\/forestmoocforchange.eu\/wp-content\/uploads\/2023\/05\/vertical.png","type":"image\/png"}],"twitter_card":"summary_large_image","twitter_misc":{"Gesch\u00e4tzte Lesezeit":"5\u00a0Minuten"},"schema":{"@context":"https:\/\/schema.org","@graph":[{"@type":"WebPage","@id":"https:\/\/forestmoocforchange.eu\/de\/faq\/","url":"https:\/\/forestmoocforchange.eu\/de\/faq\/","name":"Forest Mooc for Change","isPartOf":{"@id":"https:\/\/forestmoocforchange.eu\/#website"},"datePublished":"2023-08-31T14:44:56+00:00","dateModified":"2026-02-13T08:06:50+00:00","description":"Am\u00e9liorer le niveau d\u2019information, de connaissances et de comp\u00e9tences des gestionnaires et propri\u00e9taires forestiers en mati\u00e8re de SMCC afin d\u2019impacter les pratiques au b\u00e9n\u00e9fice d\u2019une gestion adapt\u00e9e face aux enjeux des changements climatiques.","breadcrumb":{"@id":"https:\/\/forestmoocforchange.eu\/de\/faq\/#breadcrumb"},"inLanguage":"de","potentialAction":[{"@type":"ReadAction","target":["https:\/\/forestmoocforchange.eu\/de\/faq\/"]}]},{"@type":"BreadcrumbList","@id":"https:\/\/forestmoocforchange.eu\/de\/faq\/#breadcrumb","itemListElement":[{"@type":"ListItem","position":1,"name":"Accueil","item":"https:\/\/forestmoocforchange.eu\/"},{"@type":"ListItem","position":2,"name":"FAQ"}]},{"@type":"WebSite","@id":"https:\/\/forestmoocforchange.eu\/#website","url":"https:\/\/forestmoocforchange.eu\/","name":"Forest Mooc for Change","description":"Massive Open Online Course for Forest Change","publisher":{"@id":"https:\/\/forestmoocforchange.eu\/#organization"},"potentialAction":[{"@type":"SearchAction","target":{"@type":"EntryPoint","urlTemplate":"https:\/\/forestmoocforchange.eu\/?s={search_term_string}"},"query-input":"required name=search_term_string"}],"inLanguage":"de"},{"@type":"Organization","@id":"https:\/\/forestmoocforchange.eu\/#organization","name":"Forest Mooc for Change","url":"https:\/\/forestmoocforchange.eu\/","logo":{"@type":"ImageObject","inLanguage":"de","@id":"https:\/\/forestmoocforchange.eu\/#\/schema\/logo\/image\/","url":"https:\/\/forestmoocforchange.eu\/wp-content\/uploads\/2023\/05\/horizontal.png","contentUrl":"https:\/\/forestmoocforchange.eu\/wp-content\/uploads\/2023\/05\/horizontal.png","width":1764,"height":661,"caption":"Forest Mooc for Change"},"image":{"@id":"https:\/\/forestmoocforchange.eu\/#\/schema\/logo\/image\/"}}]}},"_links":{"self":[{"href":"https:\/\/forestmoocforchange.eu\/de\/wp-json\/wp\/v2\/pages\/28985","targetHints":{"allow":["GET"]}}],"collection":[{"href":"https:\/\/forestmoocforchange.eu\/de\/wp-json\/wp\/v2\/pages"}],"about":[{"href":"https:\/\/forestmoocforchange.eu\/de\/wp-json\/wp\/v2\/types\/page"}],"author":[{"embeddable":true,"href":"https:\/\/forestmoocforchange.eu\/de\/wp-json\/wp\/v2\/users\/1"}],"replies":[{"embeddable":true,"href":"https:\/\/forestmoocforchange.eu\/de\/wp-json\/wp\/v2\/comments?post=28985"}],"version-history":[{"count":149,"href":"https:\/\/forestmoocforchange.eu\/de\/wp-json\/wp\/v2\/pages\/28985\/revisions"}],"predecessor-version":[{"id":29312,"href":"https:\/\/forestmoocforchange.eu\/de\/wp-json\/wp\/v2\/pages\/28985\/revisions\/29312"}],"wp:featuredmedia":[{"embeddable":true,"href":"https:\/\/forestmoocforchange.eu\/de\/wp-json\/wp\/v2\/media\/28959"}],"wp:attachment":[{"href":"https:\/\/forestmoocforchange.eu\/de\/wp-json\/wp\/v2\/media?parent=28985"}],"curies":[{"name":"wp","href":"https:\/\/api.w.org\/{rel}","templated":true}]}}